{"id":539,"date":"2018-02-13T09:30:20","date_gmt":"2018-02-13T09:30:20","guid":{"rendered":"https:\/\/www.terranduyar.com\/un-entorno-privilegiado-un-paraje-de-ensueno\/"},"modified":"2018-06-07T10:30:53","modified_gmt":"2018-06-07T10:30:53","slug":"dans-un-environnement-privilegie-un-lieu-de-reve","status":"publish","type":"page","link":"https:\/\/www.terranduyar.com\/fr\/dans-un-environnement-privilegie-un-lieu-de-reve\/","title":{"rendered":"DANS UN ENVIRONNEMENT PRIVIL\u00c9GI\u00c9,<br> <strong>UN LIEU DE R\u00caVE&#8230;<\/strong>"},"content":{"rendered":"<h2>Vistalegre et los Juncares<\/h2>\n<p>Encadr\u00e9 dans la r\u00e9gion d&rsquo;And\u00fajar, au milieu de la Sierra Morena, avec la richesse de ses sols et entour\u00e9 par la Sierra de And\u00fajar et son parc naturel, se trouvent nos fermes.<\/p>\n<p>La flore et la faune de l&rsquo;environnement d\u00e9terminent leur caract\u00e8re et leur identit\u00e9. La couverture v\u00e9g\u00e9tatale soign\u00e9e et choy\u00e9e tout au long de l&rsquo;ann\u00e9e, reconnaissante, lui conf\u00e8re ses caract\u00e9ristiques uniques qui la rendent diff\u00e9rente.<\/p>\n<p>Les sols de la vall\u00e9e du Guadalquivir avec leurs qualit\u00e9s, donnent \u00e0 l&rsquo;huile une douceur dans la vari\u00e9t\u00e9 Picual, mais en m\u00eame temps une forte intensit\u00e9 dans le fruit.<\/p>\n<p>Dans nos fermes, vous pouvez observer les taureaux de combat en train de se nourrir, les chevaux pur-sang en train de courir et les porcs ib\u00e9riques au repos\u2026<\/p>\n<p>C&rsquo;est l&rsquo;environnement magique, o\u00f9 les olives ont \u00e9t\u00e9 cultiv\u00e9es pendant plus de 30 ans. Avec des m\u00e9canismes de production naturels pour garantir une agriculture durable. Introduire des m\u00e9thodes biologiques de production int\u00e9gr\u00e9e et d&rsquo;autres techniques, qui combinent la plus haute qualit\u00e9 et la protection de l&rsquo;environnement.<\/p>\n","protected":false},"excerpt":{"rendered":"<p>Vistalegre et los Juncares Encadr\u00e9 dans la r\u00e9gion d&rsquo;And\u00fajar, au milieu de la Sierra Morena, avec la richesse de ses sols et entour\u00e9 par la Sierra de And\u00fajar et son parc naturel, se trouvent nos fermes. La flore et la faune de l&rsquo;environnement d\u00e9terminent leur caract\u00e8re et leur identit\u00e9. La couverture v\u00e9g\u00e9tatale soign\u00e9e et choy\u00e9e [&hellip;]<\/p>\n","protected":false},"author":82647,"featured_media":204,"parent":0,"menu_order":0,"comment_status":"closed","ping_status":"closed","template":"","meta":{"footnotes":"","_joinchat":[]},"_links":{"self":[{"href":"https:\/\/www.terranduyar.com\/fr\/wp-json\/wp\/v2\/pages\/539"}],"collection":[{"href":"https:\/\/www.terranduyar.com\/fr\/wp-json\/wp\/v2\/pages"}],"about":[{"href":"https:\/\/www.terranduyar.com\/fr\/wp-json\/wp\/v2\/types\/page"}],"author":[{"embeddable":true,"href":"https:\/\/www.terranduyar.com\/fr\/wp-json\/wp\/v2\/users\/82647"}],"replies":[{"embeddable":true,"href":"https:\/\/www.terranduyar.com\/fr\/wp-json\/wp\/v2\/comments?post=539"}],"version-history":[{"count":3,"href":"https:\/\/www.terranduyar.com\/fr\/wp-json\/wp\/v2\/pages\/539\/revisions"}],"predecessor-version":[{"id":542,"href":"https:\/\/www.terranduyar.com\/fr\/wp-json\/wp\/v2\/pages\/539\/revisions\/542"}],"wp:featuredmedia":[{"embeddable":true,"href":"https:\/\/www.terranduyar.com\/fr\/wp-json\/wp\/v2\/media\/204"}],"wp:attachment":[{"href":"https:\/\/www.terranduyar.com\/fr\/wp-json\/wp\/v2\/media?parent=539"}],"curies":[{"name":"wp","href":"https:\/\/api.w.org\/{rel}","templated":true}]}}